{"id":505,"date":"2017-12-19T18:04:14","date_gmt":"2017-12-19T17:04:14","guid":{"rendered":"podlove-2017-12-19t16:32:47+00:00-a027117e8726547"},"modified":"2018-09-05T14:42:17","modified_gmt":"2018-09-05T12:42:17","slug":"hus019","status":"publish","type":"podcast","link":"https:\/\/www.hoerenundstaunen.at\/hust\/hus019\/","title":{"rendered":"&#8222;H\u00f6ren und Staunen &#8211; Episode 19&#8220;  Der Nichtraucher-Kanzler im Zigarrenkistl"},"content":{"rendered":"<div id=\"attachment_506\" style=\"width: 310px\" class=\"wp-caption alignnone\"><img aria-describedby=\"caption-attachment-506\" loading=\"lazy\" class=\"size-medium wp-image-506\" src=\"https:\/\/www.hoerenundstaunen.at\/hust\/wp-content\/uploads\/2017\/12\/08-kreisky-zimmer-e1536151212320-300x204.jpg\" alt=\"\" width=\"300\" height=\"204\" srcset=\"https:\/\/www.hoerenundstaunen.at\/hust\/wp-content\/uploads\/2017\/12\/08-kreisky-zimmer-e1536151212320-300x204.jpg 300w, https:\/\/www.hoerenundstaunen.at\/hust\/wp-content\/uploads\/2017\/12\/08-kreisky-zimmer-e1536151212320-200x136.jpg 200w, https:\/\/www.hoerenundstaunen.at\/hust\/wp-content\/uploads\/2017\/12\/08-kreisky-zimmer-e1536151212320.jpg 467w\" sizes=\"(max-width: 300px) 100vw, 300px\" \/><p id=\"caption-attachment-506\" class=\"wp-caption-text\">Foto: Helmut Dimko<\/p><\/div>\n<p>Bundeskanzler Sebastian Kurz hat anl\u00e4sslich der Angeloben der neuen \u00d6VP-FP\u00d6 Bundesregierung am 18. Dezember 2017 beil\u00e4ufig erz\u00e4hlt, dass er im Bundeskanzleramt das sogenannte Kreisky-Zimmer beziehen wird. Der Raum ist jahrelange unbenutzt gewesen. Er ist dunkel, bis an die Decke mit Nussholz vert\u00e4felt, pathetisch und alles andere als fortschrittlich modern.<\/p>\n<p>Ich hatte aus Anlass der Ausstellung 100 Jahre Wiener Kongress die M\u00f6glichkeit, dieses Kreisky-Zimmer zu besichtigen. Ein ehemaliger, jetzt pensionierter, Mitarbeiter des Bundespressedienstes hat es erkl\u00e4rt.<\/p>\n<p><em>Link:<\/em><br \/>\n<a href=\"https:\/\/www.youtube.com\/watch?v=FEE7vx2pdN8\" target=\"_blank\" rel=\"noopener\">Kreisky Band im Kreisky-Zimmer<\/a><\/p>\n\n\t\t[podlove-episode-web-player publisher=\"505\" post_id=\"505\"]\n\t\n\t\t<form action=\"#\"><div class=\"episode_downloads\"><input type=\"hidden\" name=\"ptm_source\" value=\"download\" \/><input type=\"hidden\" name=\"ptm_context\" value=\"select-button\" \/><select name=\"download_media_file\"><option value=\"307\" data-raw-url=\"https:\/\/www.hoerenundstaunen.at\/hust\/podlove\/file\/307\/s\/download\/c\/select-show\/HUS019.mp3\">MP3 Audio [8 MB]<\/option><\/select><button class=\"podlove-download-primary\">Download<\/button><button class=\"podlove-download-secondary\">Show URL<\/button><\/div><\/form><script>\nfunction podlove_document_ready(fn) {\n  if (document.readyState != 'loading'){\n    fn();\n  } else {\n    document.addEventListener('DOMContentLoaded', fn);\n  }\n}\n\npodlove_document_ready(function() {\n\tdocument.querySelectorAll(\".episode_downloads\").forEach(function(item) {\n        var selectEl = item.querySelector(\"select\");\n\n        item.querySelector(\"button.podlove-download-secondary\").addEventListener(\"click\", function(e) {\n\t\t\te.preventDefault();\n            var optionEl = selectEl.querySelector(\"option[value='\"+ selectEl.value +\"']\")\n            let url = optionEl.dataset.rawUrl;\n\t\t\tprompt(\"Feel free to copy and paste this URL\", url);\n\t\t\treturn false;\n\t\t})\n\t});\n});\n<\/script>\n","protected":false},"author":3,"featured_media":0,"comment_status":"open","ping_status":"open","template":"","meta":{"_mi_skip_tracking":false},"categories":[1,90,7],"tags":[42,44,43,45,41],"aioseo_notices":[],"_links":{"self":[{"href":"https:\/\/www.hoerenundstaunen.at\/hust\/wp-json\/wp\/v2\/episodes\/505"}],"collection":[{"href":"https:\/\/www.hoerenundstaunen.at\/hust\/wp-json\/wp\/v2\/episodes"}],"about":[{"href":"https:\/\/www.hoerenundstaunen.at\/hust\/wp-json\/wp\/v2\/types\/podcast"}],"author":[{"embeddable":true,"href":"https:\/\/www.hoerenundstaunen.at\/hust\/wp-json\/wp\/v2\/users\/3"}],"replies":[{"embeddable":true,"href":"https:\/\/www.hoerenundstaunen.at\/hust\/wp-json\/wp\/v2\/comments?post=505"}],"version-history":[{"count":9,"href":"https:\/\/www.hoerenundstaunen.at\/hust\/wp-json\/wp\/v2\/episodes\/505\/revisions"}],"predecessor-version":[{"id":657,"href":"https:\/\/www.hoerenundstaunen.at\/hust\/wp-json\/wp\/v2\/episodes\/505\/revisions\/657"}],"wp:attachment":[{"href":"https:\/\/www.hoerenundstaunen.at\/hust\/wp-json\/wp\/v2\/media?parent=505"}],"wp:term":[{"taxonomy":"category","embeddable":true,"href":"https:\/\/www.hoerenundstaunen.at\/hust\/wp-json\/wp\/v2\/categories?post=505"},{"taxonomy":"post_tag","embeddable":true,"href":"https:\/\/www.hoerenundstaunen.at\/hust\/wp-json\/wp\/v2\/tags?post=505"}],"curies":[{"name":"wp","href":"https:\/\/api.w.org\/{rel}","templated":true}]}}